{"id":166685,"date":"2026-02-27T07:19:17","date_gmt":"2026-02-27T13:19:17","guid":{"rendered":"https:\/\/rutadelvino.proximamente.mx\/?page_id=166685"},"modified":"2026-03-09T18:09:17","modified_gmt":"2026-03-10T00:09:17","slug":"planifica-tu-visita","status":"publish","type":"page","link":"https:\/\/rutadelvino.proximamente.mx\/en\/planifica-tu-visita\/","title":{"rendered":"Plan your Visit to the Guanajuato Wine Route"},"content":{"rendered":"<div class=\"wpb-content-wrapper\"><div data-parent=\"true\" class=\"vc_row row-container with-kburns has-dividers boomapps_vcrow\" id=\"row-unique-0\"><div class=\"row-background background-element\">\n\t\t\t\t\t\t\t\t\t\t\t<div class=\"background-wrapper\">\n\t\t\t\t\t\t\t\t\t\t\t\t<div class=\"background-inner\" style=\"background-image: url(https:\/\/rutadelvino.proximamente.mx\/wp-content\/uploads\/2026\/03\/planea-head-imgBg.jpg);background-repeat: no-repeat;background-position: center bottom;background-attachment: scroll;background-size: cover;\"><\/div>\n\t\t\t\t\t\t\t\t\t\t\t\t\n\t\t\t\t\t\t\t\t\t\t\t<\/div>\n\t\t\t\t\t\t\t\t\t\t<\/div><div class=\"uncode-divider-wrap uncode-divider-wrap-bottom z_index_0\" style=\"height: 420px;\" data-height=\"420\" data-unit=\"px\"><svg version=\"1.1\" class=\"uncode-row-divider uncode-row-divider-gradient\" x=\"0px\" y=\"0px\" width=\"240px\" height=\"24px\" viewbox=\"0 0 240 24\" enable-background=\"new 0 0 240 24\" xml:space=\"preserve\" preserveaspectratio=\"none\">\n\t\t<lineargradient id=\"svg-gradient-390656\" gradientunits=\"userSpaceOnUse\" x1=\"119.9995\" y1=\"0\" x2=\"119.9995\" y2=\"24.0005\">\n\t\t\t<stop  offset=\"0\" style=\"stop-color:#b48d53;stop-opacity:0\"\/>\n\t\t\t<stop  offset=\"1\" style=\"stop-color:#b48d53\"\/>\n\t\t<\/lineargradient>\n\t\t<path fill=\"url(#svg-gradient-390656)\" d=\"M240,24V0H0v24H240z\"\/>\n\t\t<\/svg><\/div><div class=\"row col-no-gutter double-top-padding no-bottom-padding single-h-padding full-width row-parent\" data-height-ratio=\"full\"><div class=\"wpb_row row-inner\"><div class=\"wpb_column pos-middle pos-center align_center align_center_tablet align_center_mobile column_parent col-lg-12 boomapps_vccolumn half-internal-gutter\"><div class=\"uncol style-light\"  ><div class=\"uncoltable\"><div class=\"uncell  boomapps_vccolumn\" ><div class=\"uncont no-block-padding col-custom-width\" style=\" max-width:60%;\" ><div class=\"vc_custom_heading_wrap\"><div class=\"heading-text el-text heading-bigtext\" ><h1 class=\"bigtext text-color-xsdn-color\" ><span>Planifica Tu Visita<\/span><\/h1><hr class=\"separator-break\" \/><\/div><div class=\"clear\"><\/div><\/div><div class=\"uncode_text_column text-color-xsdn-color\" ><p>Antes de subirte al auto y lanzarte a explorar vi\u00f1edos, hay cosas que necesitas saber. Esta gu\u00eda cubre lo b\u00e1sico. C\u00f3mo llegar, d\u00f3nde quedarte, cu\u00e1ndo venir, qu\u00e9 empacar. Nada de sorpresas.<\/p>\n<\/div><div class=\"icon-box icon-box-top\" ><div class=\"icon-box-icon fa-container\" style=\"margin-bottom: 0px;\" ><span class=\"text-color-148620-color btn-disable-hover\"><i class=\"fa fa-arrow-down fa-2x fa-fw\"><\/i><\/span><\/div><\/div><\/div><\/div><\/div><\/div><\/div><script id=\"script-row-unique-0\" data-row=\"script-row-unique-0\" type=\"text\/javascript\" class=\"vc_controls\">UNCODE.initRow(document.getElementById(\"row-unique-0\"));<\/script><\/div><\/div><\/div><div data-parent=\"true\" class=\"vc_row row-container with-kburns boomapps_vcrow\" id=\"row-unique-1\"><div class=\"row-background background-element\">\n\t\t\t\t\t\t\t\t\t\t\t<div class=\"background-wrapper\">\n\t\t\t\t\t\t\t\t\t\t\t\t<div class=\"background-inner\" style=\"background-image: url(https:\/\/rutadelvino.proximamente.mx\/wp-content\/uploads\/2026\/02\/gen-02-camino-rural.jpg);background-repeat: no-repeat;background-position: center center;background-attachment: scroll;background-size: cover;\"><\/div>\n\t\t\t\t\t\t\t\t\t\t\t\t\n\t\t\t\t\t\t\t\t\t\t\t<\/div>\n\t\t\t\t\t\t\t\t\t\t<\/div><div class=\"row col-no-gutter no-top-padding no-bottom-padding single-h-padding limit-width row-parent\" data-height-ratio=\"full\"><div class=\"wpb_row row-inner\"><div class=\"wpb_column pos-middle pos-center align_center align_center_tablet align_center_mobile column_parent col-lg-12 boomapps_vccolumn half-internal-gutter\"><div class=\"uncol style-spec style-dark\"  ><div class=\"uncoltable\"><div class=\"uncell  boomapps_vccolumn\" ><div class=\"uncont no-block-padding col-custom-width\" style=\" max-width:70%;\" ><div class=\"vc_custom_heading_wrap\"><div class=\"heading-text el-text\" ><p class=\"font-weight-600 text-uppercase\" ><span>Plan your visit<\/span><\/p><hr class=\"separator-break\" \/><\/div><div class=\"clear\"><\/div><\/div><div class=\"vc_custom_heading_wrap\"><div class=\"heading-text el-text\" ><h3 class=\"\" ><span>\u00bfC\u00f3mo Llegar a la Ruta del Vino?<\/span><\/h3><div><p>La regi\u00f3n est\u00e1 en los municipios de San Miguel de Allende y Dolores Hidalgo, entre 1,900 y 1,980 metros de altitud. El Baj\u00edo tiene buenas carreteras. Llegar no es problema.<\/p>\n<\/div><\/div><div class=\"clear\"><\/div><\/div><\/div><\/div><\/div><\/div><\/div><script id=\"script-row-unique-1\" data-row=\"script-row-unique-1\" type=\"text\/javascript\" class=\"vc_controls\">UNCODE.initRow(document.getElementById(\"row-unique-1\"));<\/script><\/div><\/div><\/div><div data-parent=\"true\" class=\"vc_row row-container boomapps_vcrow\" id=\"row-unique-2\"><div class=\"row-background background-element\">\n\t\t\t\t\t\t\t\t\t\t\t<div class=\"background-wrapper\">\n\t\t\t\t\t\t\t\t\t\t\t\t<div class=\"background-inner video uncode-video-container\" data-si=\"cDItJ6BeAilKwPCf\" data-ignore data-ratio=\"1.7758985200846\" data-provider=\"youtube\" data-video=\"https:\/\/youtu.be\/uPZ90SOti-g\" data-id=\"88261\" style=\"background-repeat: no-repeat;background-position: center center;background-attachment: scroll;background-size: cover;\"><\/div>\n\t\t\t\t\t\t\t\t\t\t\t\t<div class=\"block-bg-overlay style-overlay_color-212950-bg\" style=\"opacity: 1;\"><\/div>\n\t\t\t\t\t\t\t\t\t\t\t<\/div>\n\t\t\t\t\t\t\t\t\t\t<\/div><div class=\"row no-top-padding double-bottom-padding single-h-padding limit-width row-parent\" data-height-ratio=\"full\"><div class=\"wpb_row row-inner\"><div class=\"wpb_column pos-bottom pos-center align_right align_left_tablet align_left_mobile column_parent col-lg-3 boomapps_vccolumn single-internal-gutter\"><div class=\"uncol style-spec style-dark\"  ><div class=\"uncoltable\" style=\"min-height: 360px;\"><div class=\"uncell  boomapps_vccolumn no-block-padding\" ><div class=\"uncont\" ><div class=\"vc_custom_heading_wrap\"><div class=\"heading-text el-text\" ><p class=\"font-weight-600 text-uppercase\" ><span>Plan your visit<\/span><\/p><hr class=\"separator-break\" \/><\/div><div class=\"clear\"><\/div><\/div><div class=\"vc_custom_heading_wrap\"><div class=\"heading-text el-text\" ><h3 class=\"\" ><span>Por Avi\u00f3n<\/span><\/h3><\/div><div class=\"clear\"><\/div><\/div><\/div><\/div><\/div><\/div><\/div><div class=\"wpb_column pos-bottom pos-center align_left column_parent col-lg-5 boomapps_vccolumn no-internal-gutter\"><div class=\"uncol style-spec style-dark\"  ><div class=\"uncoltable\"><div class=\"uncell  boomapps_vccolumn no-block-padding\" ><div class=\"uncont\" ><div class=\"uncode_text_column\" ><p><strong>Aeropuerto del Baj\u00edo (BJX), Le\u00f3n\/Silao<\/strong><br \/>\nEs el m\u00e1s cercano. Est\u00e1 en Silao, a unos 90-100 kil\u00f3metros de San Miguel. Hora y cuarto en auto. Vuelos de Aerom\u00e9xico, Volaris, VivaAerobus, United, American. Conexiones desde CDMX, Monterrey, Guadalajara, Tijuana, Houston, Dallas.<\/p>\n<\/div><\/div><\/div><\/div><\/div><\/div><div class=\"wpb_column pos-bottom pos-center align_left column_parent col-lg-4 boomapps_vccolumn no-internal-gutter\"><div class=\"uncol style-spec style-dark\"  ><div class=\"uncoltable\"><div class=\"uncell  boomapps_vccolumn no-block-padding\" ><div class=\"uncont\" ><div class=\"uncode_text_column\" ><p><strong>Aeropuerto de Quer\u00e9taro (QRO)<\/strong><br \/>\nOtra opci\u00f3n. Est\u00e1 a 70-80 kil\u00f3metros de San Miguel. Tiene menos tr\u00e1fico pero buenas conexiones nacionales.<\/p>\n<\/div><\/div><\/div><\/div><\/div><\/div><script id=\"script-row-unique-2\" data-row=\"script-row-unique-2\" type=\"text\/javascript\" class=\"vc_controls\">UNCODE.initRow(document.getElementById(\"row-unique-2\"));<\/script><\/div><\/div><\/div><div data-parent=\"true\" class=\"vc_row row-container boomapps_vcrow\" id=\"row-unique-3\"><div class=\"row-background background-element\">\n\t\t\t\t\t\t\t\t\t\t\t<div class=\"background-wrapper\">\n\t\t\t\t\t\t\t\t\t\t\t\t<div class=\"background-inner video uncode-video-container\" data-si=\"XE1G2LON62jZA0ku\" data-ignore data-ratio=\"1.7758985200846\" data-provider=\"youtube\" data-video=\"https:\/\/youtu.be\/8daLnqs2jY0\" data-id=\"36855\" style=\"background-repeat: no-repeat;background-position: center center;background-attachment: scroll;background-size: cover;\"><\/div>\n\t\t\t\t\t\t\t\t\t\t\t\t<div class=\"block-bg-overlay style-overlay_color-110339-bg\" style=\"opacity: 1;\"><\/div>\n\t\t\t\t\t\t\t\t\t\t\t<\/div>\n\t\t\t\t\t\t\t\t\t\t<\/div><div class=\"row no-top-padding double-bottom-padding single-h-padding limit-width row-parent\" data-height-ratio=\"full\"><div class=\"wpb_row row-inner\"><div class=\"wpb_column pos-bottom pos-center align_right align_left_tablet align_left_mobile column_parent col-lg-3 boomapps_vccolumn single-internal-gutter\"><div class=\"uncol style-spec style-dark\"  ><div class=\"uncoltable\" style=\"min-height: 360px;\"><div class=\"uncell  boomapps_vccolumn no-block-padding\" ><div class=\"uncont\" ><div class=\"vc_custom_heading_wrap\"><div class=\"heading-text el-text\" ><p class=\"font-weight-600 text-uppercase\" ><span>Plan your visit<\/span><\/p><hr class=\"separator-break\" \/><\/div><div class=\"clear\"><\/div><\/div><div class=\"vc_custom_heading_wrap\"><div class=\"heading-text el-text\" ><h3 class=\"\" ><span>Por Carretera<\/span><\/h3><\/div><div class=\"clear\"><\/div><\/div><\/div><\/div><\/div><\/div><\/div><div class=\"wpb_column pos-bottom pos-center align_left column_parent col-lg-3 boomapps_vccolumn no-internal-gutter\"><div class=\"uncol style-spec style-dark\"  ><div class=\"uncoltable\"><div class=\"uncell  boomapps_vccolumn no-block-padding\" ><div class=\"uncont\" ><div class=\"uncode_text_column\" ><p><strong>Desde Ciudad de M\u00e9xico (274 km, unas 3.5-4 horas)<\/strong><br \/>\nAutopista 57D hacia Quer\u00e9taro, luego salida a San Miguel por la 111. Carretera de cuota en buen estado. Casetas cuestan entre $400 y $500 pesos.<\/p>\n<\/div><\/div><\/div><\/div><\/div><\/div><div class=\"wpb_column pos-bottom pos-center align_left column_parent col-lg-3 boomapps_vccolumn no-internal-gutter\"><div class=\"uncol style-spec style-dark\"  ><div class=\"uncoltable\"><div class=\"uncell  boomapps_vccolumn no-block-padding\" ><div class=\"uncont\" ><div class=\"uncode_text_column\" ><p><strong>Desde Guadalajara (350 km, 4.5 horas)<\/strong><br \/>\nCarretera 80D hacia Le\u00f3n, sigue a San Miguel. Hay ruta alterna por Aguascalientes.<\/p>\n<\/div><\/div><\/div><\/div><\/div><\/div><div class=\"wpb_column pos-bottom pos-center align_left column_parent col-lg-3 boomapps_vccolumn no-internal-gutter\"><div class=\"uncol style-spec style-dark\"  ><div class=\"uncoltable\"><div class=\"uncell  boomapps_vccolumn no-block-padding\" ><div class=\"uncont\" ><div class=\"uncode_text_column\" ><p><strong>Desde Monterrey (600 km, 6-7 horas)<\/strong><br \/>\nAutopista 57D al sur por Saltillo y San Luis Potos\u00ed, hasta Quer\u00e9taro donde tomas la salida a San Miguel.<\/p>\n<\/div><\/div><\/div><\/div><\/div><\/div><script id=\"script-row-unique-3\" data-row=\"script-row-unique-3\" type=\"text\/javascript\" class=\"vc_controls\">UNCODE.initRow(document.getElementById(\"row-unique-3\"));<\/script><\/div><\/div><\/div><div data-parent=\"true\" class=\"vc_row has-bg need-focus style-color-148620-bg row-container boomapps_vcrow\" id=\"row-unique-4\"><div class=\"row-background background-element\">\n\t\t\t\t\t\t\t\t\t\t\t<div class=\"background-wrapper\">\n\t\t\t\t\t\t\t\t\t\t\t\t<div class=\"background-inner\" style=\"background-image: url(https:\/\/rutadelvino.proximamente.mx\/wp-content\/uploads\/2026\/03\/plan-modTrafico-imgBg2.png);background-repeat: no-repeat;background-position: center center;background-attachment: scroll;background-size: cover;\"><\/div>\n\t\t\t\t\t\t\t\t\t\t\t\t\n\t\t\t\t\t\t\t\t\t\t\t<\/div>\n\t\t\t\t\t\t\t\t\t\t<\/div><div class=\"row col-no-gutter single-top-padding single-bottom-padding single-h-padding limit-width row-parent\" data-height-ratio=\"full\"><div class=\"wpb_row row-inner\"><div class=\"wpb_column pos-middle pos-center align_center align_center_tablet align_center_mobile column_parent col-lg-12 boomapps_vccolumn half-internal-gutter\"><div class=\"uncol style-light\"  ><div class=\"uncoltable\"><div class=\"uncell  boomapps_vccolumn no-block-padding\" ><div class=\"uncont\" ><div class=\"vc_custom_heading_wrap\"><div class=\"heading-text el-text\" ><p class=\"font-weight-600 text-uppercase\" ><span>Plan your visit<\/span><\/p><hr class=\"separator-break\" \/><\/div><div class=\"clear\"><\/div><\/div><div class=\"vc_custom_heading_wrap\"><div class=\"heading-text el-text\" ><h3 class=\"\" ><span>Transporte Local<\/span><\/h3><\/div><div class=\"clear\"><\/div><\/div><div class=\"vc_row row-internal row-container boomapps_vcrow\"><div class=\"row col-half-gutter row-child\"><div class=\"wpb_row row-inner\"><div class=\"wpb_column pos-top pos-center align_left column_child col-lg-7 boomapps_vccolumn no-internal-gutter\"><div class=\"uncol style-light\" ><div class=\"uncoltable\"><div class=\"uncell  vc_custom_1773084839525 boomapps_vccolumn vc_custom_preserve_tablet vc_custom_preserve_mobile border-color-189923-color single-block-padding style-color-148620-bg  unradius-lg\" style=\"border-style: solid;border-top-width: 2px ;border-right-width: 2px ;border-bottom-width: 2px ;border-left-width: 2px ;\" ><div class=\"uncont\" ><div class=\"uncode_text_column\" ><p><strong>\u00bfNecesitas Auto?<\/strong><\/p>\n<p>S\u00ed. Las bodegas est\u00e1n dispersas en zonas rurales, de 2 a 30 kil\u00f3metros entre una y otra. Los caminos est\u00e1n bien en general, pero algunos tramos son terracer\u00eda.<\/p>\n<p>Si no rentas auto, tienes opciones: tours organizados desde San Miguel con transporte incluido, taxi o transporte privado con chofer, Uber (funciona en San Miguel, no tanto en zonas rurales), contratar chofer por d\u00eda (buena idea para grupos).<\/p>\n<\/div><\/div><\/div><\/div><\/div><\/div><div class=\"wpb_column pos-middle pos-center align_left column_child col-lg-5 boomapps_vccolumn no-internal-gutter\"><div class=\"uncol style-spec style-dark\" ><div class=\"uncoltable\"><div class=\"uncell  boomapps_vccolumn single-block-padding style-color-189923-bg  unradius-lg\" ><div class=\"uncont\" ><div class=\"uncode_text_column\" ><p><strong>Conducci\u00f3n Responsable<\/strong><\/p>\n<p>Aqu\u00ed va la parte seria. La Ruta del Vino significa catar vino. Punto. As\u00ed que necesitas un conductor designado que NO pruebe ni una gota. O contratas transporte con chofer. No hay vuelta de hoja.<\/p>\n<p>El conductor puede entrar a las bodegas, ver el proceso, hacer el tour completo. Solo que no toma.<\/p>\n<\/div><\/div><\/div><\/div><\/div><\/div><\/div><\/div><\/div><\/div><\/div><\/div><\/div><\/div><script id=\"script-row-unique-4\" data-row=\"script-row-unique-4\" type=\"text\/javascript\" class=\"vc_controls\">UNCODE.initRow(document.getElementById(\"row-unique-4\"));<\/script><\/div><\/div><\/div><div data-parent=\"true\" class=\"vc_row row-container with-kburns boomapps_vcrow\" id=\"row-unique-5\"><div class=\"row-background background-element\">\n\t\t\t\t\t\t\t\t\t\t\t<div class=\"background-wrapper\">\n\t\t\t\t\t\t\t\t\t\t\t\t<div class=\"background-inner\" style=\"background-image: url(https:\/\/rutadelvino.proximamente.mx\/wp-content\/uploads\/2026\/03\/plan-modClima-imgBg.jpg);background-repeat: no-repeat;background-position: center center;background-attachment: scroll;background-size: cover;\"><\/div>\n\t\t\t\t\t\t\t\t\t\t\t\t\n\t\t\t\t\t\t\t\t\t\t\t<\/div>\n\t\t\t\t\t\t\t\t\t\t<\/div><div class=\"row col-no-gutter no-top-padding no-bottom-padding single-h-padding limit-width row-parent\" data-height-ratio=\"full\"><div class=\"wpb_row row-inner\"><div class=\"wpb_column pos-middle pos-center align_center align_center_tablet align_center_mobile column_parent col-lg-12 boomapps_vccolumn half-internal-gutter\"><div class=\"uncol style-spec style-dark\"  ><div class=\"uncoltable\"><div class=\"uncell  boomapps_vccolumn\" ><div class=\"uncont no-block-padding col-custom-width\" style=\" max-width:70%;\" ><div class=\"vc_custom_heading_wrap\"><div class=\"heading-text el-text\" ><p class=\"font-weight-600 text-uppercase\" ><span>Plan your visit<\/span><\/p><hr class=\"separator-break\" \/><\/div><div class=\"clear\"><\/div><\/div><div class=\"vc_custom_heading_wrap\"><div class=\"heading-text el-text\" ><h3 class=\"\" ><span>Clima y Cu\u00e1ndo Venir<\/span><\/h3><div><p>La altitud (1,900-1,980 msnm) le da a la regi\u00f3n un clima templado semi\u00e1rido. Bueno para las uvas, agradable para ti.<\/p>\n<\/div><\/div><div class=\"clear\"><\/div><\/div><\/div><\/div><\/div><\/div><\/div><script id=\"script-row-unique-5\" data-row=\"script-row-unique-5\" type=\"text\/javascript\" class=\"vc_controls\">UNCODE.initRow(document.getElementById(\"row-unique-5\"));<\/script><\/div><\/div><\/div><div data-parent=\"true\" class=\"vc_row row-container with-kburns with-parallax boomapps_vcrow\" id=\"row-unique-6\"><div class=\"row-background background-element\">\n\t\t\t\t\t\t\t\t\t\t\t<div class=\"background-wrapper\">\n\t\t\t\t\t\t\t\t\t\t\t\t<div class=\"background-inner\" style=\"background-image: url(https:\/\/rutadelvino.proximamente.mx\/wp-content\/uploads\/2026\/03\/plan-modClima-imgBg2.jpg);background-repeat: no-repeat;background-position: center center;background-size: cover;\"><\/div>\n\t\t\t\t\t\t\t\t\t\t\t\t<div class=\"block-bg-overlay style-overlay_color-112533-bg\" style=\"opacity: 1;\"><\/div>\n\t\t\t\t\t\t\t\t\t\t\t<\/div>\n\t\t\t\t\t\t\t\t\t\t<\/div><div class=\"row col-double-gutter no-top-padding double-bottom-padding single-h-padding limit-width row-parent\" data-height-ratio=\"full\"><div class=\"wpb_row row-inner\"><div class=\"wpb_column pos-bottom pos-center align_right align_left_tablet align_left_mobile column_parent col-lg-4 boomapps_vccolumn single-internal-gutter\"><div class=\"uncol style-spec style-dark\"  ><div class=\"uncoltable\" style=\"min-height: 360px;\"><div class=\"uncell  boomapps_vccolumn no-block-padding\" ><div class=\"uncont\" ><div class=\"vc_custom_heading_wrap\"><div class=\"heading-text el-text\" ><p class=\"font-weight-600 text-uppercase\" ><span>Plan your visit<\/span><\/p><hr class=\"separator-break\" \/><\/div><div class=\"clear\"><\/div><\/div><div class=\"vc_custom_heading_wrap\"><div class=\"heading-text el-text\" ><h5 class=\"\" ><span>El Clima en N\u00fameros<\/span><\/h5><div><p>Temperaturas: m\u00e1ximas de 22-27\u00b0C, m\u00ednimas de 8-13\u00b0C. Mayo es el mes m\u00e1s caliente (llega a 30\u00b0C). Enero el m\u00e1s fr\u00edo (puede bajar a 5-7\u00b0C en la madrugada). Llueve unos 500-600 mm al a\u00f1o. Temporada de lluvias de junio a septiembre (casi siempre en la tarde o noche). Temporada seca de octubre a mayo.<\/p>\n<p>Algo importante: las noches son frescas todo el a\u00f1o por la altitud. Siempre trae su\u00e9ter.<\/p>\n<\/div><\/div><div class=\"clear\"><\/div><\/div><\/div><\/div><\/div><\/div><\/div><div class=\"wpb_column pos-bottom pos-center align_left column_parent col-lg-8 boomapps_vccolumn half-internal-gutter\"><div class=\"uncol style-spec style-dark\"  ><div class=\"uncoltable\"><div class=\"uncell  boomapps_vccolumn no-block-padding\" ><div class=\"uncont\" ><div class=\"vc_custom_heading_wrap\"><div class=\"heading-text el-text\" ><h5 class=\"\" ><span>Las Mejores Temporadas<\/span><\/h5><\/div><div class=\"clear\"><\/div><\/div><div class=\"uncode-wrapper uncode-list\" >\n<ul>\n<li><strong>Vendimia (agosto-octubre): <\/strong>La \u00e9poca m\u00e1s concurrida. Los vi\u00f1edos est\u00e1n en plena cosecha, hay festivales, eventos. Puedes ver c\u00f3mo recogen la uva. Clima c\u00e1lido pero puede llover en agosto y septiembre.<\/li>\n<li><strong>Primavera (marzo-mayo): <\/strong>Clima seco y agradable. Vi\u00f1edos verdes. Menos turistas, m\u00e1s disponibilidad en hoteles.<\/li>\n<li><strong>Oto\u00f1o-invierno (noviembre-febrero): <\/strong>Fresco de d\u00eda, fr\u00edo de noche. Pocos turistas. El paisaje toma tonos dorados. Tranquilo.<\/li>\n<\/ul>\n<\/div><div class=\"vc_row row-internal row-container boomapps_vcrow\"><div class=\"row col-no-gutter row-child\"><div class=\"wpb_row row-inner\"><div class=\"wpb_column pos-top pos-center align_left column_child col-lg-12 boomapps_vccolumn no-internal-gutter\"><div class=\"uncol style-spec style-dark\" ><div class=\"uncoltable\"><div class=\"uncell  boomapps_vccolumn single-block-padding style-color-166098-bg unshadow-std unradius-lg\" ><div class=\"column-background background-element\">\n\t\t\t\t\t\t\t\t\t\t\t<div class=\"background-wrapper\">\n\t\t\t\t\t\t\t\t\t\t\t\t<div class=\"background-inner\" style=\"background-image: url(https:\/\/rutadelvino.proximamente.mx\/wp-content\/uploads\/2026\/02\/bg-patron1m.png);background-repeat: repeat;background-position: left top;background-size: 50%;\" data-o_src=\"https:\/\/rutadelvino.proximamente.mx\/wp-content\/uploads\/2026\/02\/bg-patron1m.png\"><\/div>\n\t\t\t\t\t\t\t\t\t\t\t\t\n\t\t\t\t\t\t\t\t\t\t\t<\/div>\n\t\t\t\t\t\t\t\t\t\t<\/div><div class=\"uncont\" ><div class=\"icon-box icon-box-left\" ><div class=\"icon-box-icon fa-container\" ><span class=\"text-default-color btn-disable-hover\"><i class=\"fa fa-info2 fa-2x fa-fw\"><\/i><\/span><\/div><div class=\"icon-box-content\"><div class=\"icon-box-heading icon-box-fa-2x\"><p class=\"\">Ten en cuenta: julio y agosto son los meses con m\u00e1s lluvia (aunque suele caer en la tarde). Semana Santa y puentes est\u00e1n llenos de turismo nacional.<\/p><\/div><\/div><\/div><\/div><\/div><\/div><\/div><\/div><\/div><\/div><\/div><\/div><\/div><\/div><\/div><\/div><script id=\"script-row-unique-6\" data-row=\"script-row-unique-6\" type=\"text\/javascript\" class=\"vc_controls\">UNCODE.initRow(document.getElementById(\"row-unique-6\"));<\/script><\/div><\/div><\/div><div data-parent=\"true\" class=\"vc_row row-container with-kburns boomapps_vcrow\" id=\"row-unique-7\"><div class=\"row-background background-element\">\n\t\t\t\t\t\t\t\t\t\t\t<div class=\"background-wrapper\">\n\t\t\t\t\t\t\t\t\t\t\t\t<div class=\"background-inner\" style=\"background-image: url(https:\/\/rutadelvino.proximamente.mx\/wp-content\/uploads\/2026\/03\/plan-modHoteles-imgBg.jpg);background-repeat: no-repeat;background-position: center center;background-attachment: scroll;background-size: cover;\"><\/div>\n\t\t\t\t\t\t\t\t\t\t\t\t\n\t\t\t\t\t\t\t\t\t\t\t<\/div>\n\t\t\t\t\t\t\t\t\t\t<\/div><div class=\"row col-no-gutter no-top-padding no-bottom-padding single-h-padding limit-width row-parent\" data-height-ratio=\"full\"><div class=\"wpb_row row-inner\"><div class=\"wpb_column pos-middle pos-center align_center align_center_tablet align_center_mobile column_parent col-lg-12 boomapps_vccolumn half-internal-gutter\"><div class=\"uncol style-spec style-dark\"  ><div class=\"uncoltable\"><div class=\"uncell  boomapps_vccolumn\" ><div class=\"uncont no-block-padding col-custom-width\" style=\" max-width:70%;\" ><div class=\"vc_custom_heading_wrap\"><div class=\"heading-text el-text\" ><p class=\"font-weight-600 text-uppercase\" ><span>Plan your visit<\/span><\/p><hr class=\"separator-break\" \/><\/div><div class=\"clear\"><\/div><\/div><div class=\"vc_custom_heading_wrap\"><div class=\"heading-text el-text\" ><h3 class=\"\" ><span>\u00bfD\u00f3nde Quedarte?<\/span><\/h3><div><p>La mayor\u00eda se queda en San Miguel de Allende. Hay opciones en Dolores Hidalgo y algunas en las mismas vin\u00edcolas.<\/p>\n<\/div><\/div><div class=\"clear\"><\/div><\/div><\/div><\/div><\/div><\/div><\/div><script id=\"script-row-unique-7\" data-row=\"script-row-unique-7\" type=\"text\/javascript\" class=\"vc_controls\">UNCODE.initRow(document.getElementById(\"row-unique-7\"));<\/script><\/div><\/div><\/div><div data-parent=\"true\" class=\"vc_row row-container with-kburns with-parallax boomapps_vcrow\" id=\"row-unique-8\"><div class=\"row-background background-element\">\n\t\t\t\t\t\t\t\t\t\t\t<div class=\"background-wrapper\">\n\t\t\t\t\t\t\t\t\t\t\t\t<div class=\"background-inner\" style=\"background-image: url(https:\/\/rutadelvino.proximamente.mx\/wp-content\/uploads\/2026\/03\/plan-modMiguel-imgBg.jpg);background-repeat: no-repeat;background-position: center center;background-size: cover;\"><\/div>\n\t\t\t\t\t\t\t\t\t\t\t\t<div class=\"block-bg-overlay style-overlay_color-446866-bg\" style=\"opacity: 1;\"><\/div>\n\t\t\t\t\t\t\t\t\t\t\t<\/div>\n\t\t\t\t\t\t\t\t\t\t<\/div><div class=\"row col-no-gutter single-top-padding no-bottom-padding single-h-padding limit-width row-parent\" data-height-ratio=\"full\"><div class=\"wpb_row row-inner\"><div class=\"wpb_column pos-middle pos-right align_left align_left_tablet align_left_mobile column_parent col-lg-12 boomapps_vccolumn half-internal-gutter\"><div class=\"uncol style-spec style-dark\"  ><div class=\"uncoltable\"><div class=\"uncell  vc_custom_1772744666087 boomapps_vccolumn vc_custom_preserve_tablet vc_custom_preserve_mobile border-color-189923-color\" style=\"border-style: solid;border-top-width: 1px ;border-right-width: 1px ;border-bottom-width: 1px ;border-left-width: 1px ;\" ><div class=\"uncont single-block-padding col-custom-width\" style=\" max-width:50%;\" ><div class=\"vc_custom_heading_wrap\"><div class=\"heading-text el-text\" ><p class=\"font-weight-600 text-uppercase\" ><span>Plan your visit<\/span><\/p><hr class=\"separator-break\" \/><\/div><div class=\"clear\"><\/div><\/div><div class=\"vc_custom_heading_wrap\"><div class=\"heading-text el-text\" ><h4 class=\"\" ><span>San Miguel de Allende<\/span><\/h4><div class=\"text-top-reduced\"><p>Patrimonio de la Humanidad desde 2008. Es la base m\u00e1s popular. Est\u00e1 a 15-30 minutos de las vin\u00edcolas principales.<\/p>\n<p>San Miguel tiene hoteles para todos los bolsillos, restaurantes, galer\u00edas, vida cultural. Mucho personal habla ingl\u00e9s. Ambiente cosmopolita (muchos extranjeros). Es tambi\u00e9n m\u00e1s caro que el promedio, m\u00e1s lleno de turistas, y el centro tiene calles empedradas dif\u00edciles para sillas de ruedas.<\/p>\n<\/div><\/div><div class=\"clear\"><\/div><\/div><\/div><\/div><\/div><\/div><\/div><script id=\"script-row-unique-8\" data-row=\"script-row-unique-8\" type=\"text\/javascript\" class=\"vc_controls\">UNCODE.initRow(document.getElementById(\"row-unique-8\"));<\/script><\/div><\/div><\/div><div data-parent=\"true\" class=\"vc_row row-container with-kburns with-parallax boomapps_vcrow\" id=\"row-unique-9\"><div class=\"row-background background-element\">\n\t\t\t\t\t\t\t\t\t\t\t<div class=\"background-wrapper\">\n\t\t\t\t\t\t\t\t\t\t\t\t<div class=\"background-inner\" style=\"background-image: url(https:\/\/rutadelvino.proximamente.mx\/wp-content\/uploads\/2026\/03\/cultura-municipio-imgBgHidalgo2.jpg);background-repeat: no-repeat;background-position: center center;background-size: cover;\"><\/div>\n\t\t\t\t\t\t\t\t\t\t\t\t<div class=\"block-bg-overlay style-overlay_color-800012-bg\" style=\"opacity: 1;\"><\/div>\n\t\t\t\t\t\t\t\t\t\t\t<\/div>\n\t\t\t\t\t\t\t\t\t\t<\/div><div class=\"row col-no-gutter single-top-padding no-bottom-padding single-h-padding limit-width row-parent\" data-height-ratio=\"full\"><div class=\"wpb_row row-inner\"><div class=\"wpb_column pos-middle pos-left align_left align_left_tablet align_left_mobile column_parent col-lg-12 boomapps_vccolumn half-internal-gutter\"><div class=\"uncol style-spec style-dark\"  ><div class=\"uncoltable\"><div class=\"uncell  vc_custom_1773087310471 boomapps_vccolumn vc_custom_preserve_tablet vc_custom_preserve_mobile border-color-189923-color\" style=\"border-style: solid;border-top-width: 1px ;border-right-width: 1px ;border-bottom-width: 1px ;border-left-width: 1px ;\" ><div class=\"uncont single-block-padding col-custom-width\" style=\" max-width:50%;\" ><div class=\"vc_custom_heading_wrap\"><div class=\"heading-text el-text\" ><p class=\"font-weight-600 text-uppercase\" ><span>Plan your visit<\/span><\/p><hr class=\"separator-break\" \/><\/div><div class=\"clear\"><\/div><\/div><div class=\"vc_custom_heading_wrap\"><div class=\"heading-text el-text\" ><h4 class=\"\" ><span>Dolores Hidalgo<\/span><\/h4><div class=\"text-top-reduced\"><p>Cuna de la Independencia, Pueblo M\u00e1gico desde 2002. M\u00e1s tradicional. Algunas vin\u00edcolas del norte est\u00e1n m\u00e1s cerca de aqu\u00ed.<\/p>\n<p>Dolores es m\u00e1s aut\u00e9ntico, menos tur\u00edstico. Precios m\u00e1s bajos, historia importante, calles m\u00e1s amplias que San Miguel. Tiene menos infraestructura tur\u00edstica, menos gente habla ingl\u00e9s, menos vida nocturna.<\/p>\n<\/div><\/div><div class=\"clear\"><\/div><\/div><\/div><\/div><\/div><\/div><\/div><script id=\"script-row-unique-9\" data-row=\"script-row-unique-9\" type=\"text\/javascript\" class=\"vc_controls\">UNCODE.initRow(document.getElementById(\"row-unique-9\"));<\/script><\/div><\/div><\/div><div data-parent=\"true\" class=\"vc_row row-container with-kburns with-parallax boomapps_vcrow\" id=\"row-unique-10\"><div class=\"row-background background-element\">\n\t\t\t\t\t\t\t\t\t\t\t<div class=\"background-wrapper\">\n\t\t\t\t\t\t\t\t\t\t\t\t<div class=\"background-inner\" style=\"background-image: url(https:\/\/rutadelvino.proximamente.mx\/wp-content\/uploads\/2026\/03\/plan-modHoteles-imgOtros.jpg);background-repeat: no-repeat;background-position: center center;background-size: cover;\"><\/div>\n\t\t\t\t\t\t\t\t\t\t\t\t<div class=\"block-bg-overlay style-overlay_color-209142-bg\" style=\"opacity: 1;\"><\/div>\n\t\t\t\t\t\t\t\t\t\t\t<\/div>\n\t\t\t\t\t\t\t\t\t\t<\/div><div class=\"row col-double-gutter no-top-padding double-bottom-padding single-h-padding limit-width row-parent\" data-height-ratio=\"full\"><div class=\"wpb_row row-inner\"><div class=\"wpb_column pos-bottom pos-center align_right align_left_tablet align_left_mobile column_parent col-lg-4 boomapps_vccolumn single-internal-gutter\"><div class=\"uncol style-spec style-dark\"  ><div class=\"uncoltable\" style=\"min-height: 360px;\"><div class=\"uncell  boomapps_vccolumn no-block-padding\" ><div class=\"uncont\" ><div class=\"vc_custom_heading_wrap\"><div class=\"heading-text el-text\" ><p class=\"font-weight-600 text-uppercase\" ><span>Plan your visit<\/span><\/p><hr class=\"separator-break\" \/><\/div><div class=\"clear\"><\/div><\/div><div class=\"vc_custom_heading_wrap\"><div class=\"heading-text el-text\" ><h5 class=\"\" ><span>Otras Opciones<\/span><\/h5><div><p>Atotonilco: Pueblito a 14 km al norte de San Miguel. Tiene el Santuario de Jes\u00fas Nazareno (Patrimonio UNESCO). Pocas opciones de hospedaje pero muy tranquilas.<\/p>\n<p>En las vin\u00edcolas: Algunas tienen caba\u00f1as o suites. Categor\u00eda boutique, generalmente caras. Tienes que reservar con tiempo.<\/p>\n<\/div><\/div><div class=\"clear\"><\/div><\/div><\/div><\/div><\/div><\/div><\/div><div class=\"wpb_column pos-bottom pos-center align_left column_parent col-lg-8 boomapps_vccolumn half-internal-gutter\"><div class=\"uncol style-spec style-dark\"  ><div class=\"uncoltable\"><div class=\"uncell  boomapps_vccolumn no-block-padding\" ><div class=\"uncont\" ><div class=\"vc_custom_heading_wrap\"><div class=\"heading-text el-text\" ><h5 class=\"\" ><span>Tipos de Hospedaje<\/span><\/h5><div><p>La regi\u00f3n tiene de todo: hoteles boutique (comunes en San Miguel, en edificios coloniales restaurados), hoteles de cadena (en la periferia, precios est\u00e1ndar), bed &amp; breakfast (atenci\u00f3n familiar, incluyen desayuno), casas y villas en renta (para grupos, se rentan por semana), hostales (opciones baratas, ambiente joven), glamping y caba\u00f1as (en las zonas vin\u00edcolas).<\/p>\n<p>Reserva con anticipaci\u00f3n en temporada alta: octubre-noviembre, Semana Santa, puentes. Pregunta sobre pol\u00edticas de ni\u00f1os y accesibilidad. Algunos hoteles boutique no aceptan ni\u00f1os o tienen escaleras complicadas.<\/p>\n<\/div><\/div><div class=\"clear\"><\/div><\/div><\/div><\/div><\/div><\/div><\/div><script id=\"script-row-unique-10\" data-row=\"script-row-unique-10\" type=\"text\/javascript\" class=\"vc_controls\">UNCODE.initRow(document.getElementById(\"row-unique-10\"));<\/script><\/div><\/div><\/div><div data-parent=\"true\" class=\"vc_row has-bg need-focus style-color-133520-bg row-container boomapps_vcrow\" id=\"row-unique-11\"><div class=\"row single-top-padding single-bottom-padding single-h-padding limit-width row-parent\" data-height-ratio=\"full\"><div class=\"wpb_row row-inner\"><div class=\"wpb_column pos-middle pos-center align_right align_left_tablet align_left_mobile column_parent col-lg-4 boomapps_vccolumn half-internal-gutter\"><div class=\"uncol style-spec style-dark\"  ><div class=\"uncoltable\"><div class=\"uncell  boomapps_vccolumn no-block-padding\" ><div class=\"uncont\" ><div class=\"vc_custom_heading_wrap\"><div class=\"heading-text el-text\" ><p class=\"font-weight-600 text-uppercase\" ><span>Plan your visit<\/span><\/p><hr class=\"separator-break\" \/><\/div><div class=\"clear\"><\/div><\/div><div class=\"vc_custom_heading_wrap\"><div class=\"heading-text el-text\" ><h4 class=\"\" ><span>Recomendaciones Pr\u00e1cticas<\/span><\/h4><\/div><div class=\"clear\"><\/div><\/div><\/div><\/div><\/div><\/div><\/div><div class=\"wpb_column pos-middle pos-center align_left column_parent col-lg-4 boomapps_vccolumn single-internal-gutter\"><div class=\"uncol style-spec style-dark\"  ><div class=\"uncoltable\"><div class=\"uncell  vc_custom_1773088412929 boomapps_vccolumn vc_custom_preserve_tablet vc_custom_preserve_mobile border-color-166098-color single-block-padding  unradius-lg\" style=\"border-style: solid;border-top-width: 2px ;border-right-width: 2px ;border-bottom-width: 2px ;border-left-width: 2px ;\" ><div class=\"uncont\" ><div class=\"icon-box icon-box-top\" ><div class=\"icon-box-icon fa-container\" style=\"margin-bottom: 0px;\" ><span class=\"text-default-color btn-disable-hover\"><i class=\"fa fa-clock-o fa-2x fa-fw\"><\/i><\/span><\/div><\/div><div class=\"uncode_text_column\" ><p><strong>\u00bfCu\u00e1nto Tiempo Necesitas?<\/strong><\/p>\n<ul>\n<li>Medio d\u00eda (5-6 horas): visita r\u00e1pida a 1-2 vin\u00edcolas. Para quien est\u00e1 de paso.<\/li>\n<li>D\u00eda completo (8-10 horas): lo m\u00e1s com\u00fan. Alcanzas para 3-4 vin\u00edcolas sin prisa. Incluye comida.<\/li>\n<li>Fin de semana (2-3 d\u00edas): puedes conocer bien la ruta, explorar San Miguel o Dolores, hacer otras cosas.<\/li>\n<li>Semana o m\u00e1s: para los que quieren talleres, cenas maridaje, eventos. Se puede combinar con otros destinos de Guanajuato.<\/li>\n<\/ul>\n<p>\n<\/div><\/div><\/div><\/div><\/div><\/div><div class=\"wpb_column pos-middle pos-center align_left column_parent col-lg-4 boomapps_vccolumn single-internal-gutter\"><div class=\"uncol style-spec style-dark\"  ><div class=\"uncoltable\"><div class=\"uncell  vc_custom_1773088422778 boomapps_vccolumn vc_custom_preserve_tablet vc_custom_preserve_mobile border-color-166098-color single-block-padding  unradius-lg\" style=\"border-style: solid;border-top-width: 2px ;border-right-width: 2px ;border-bottom-width: 2px ;border-left-width: 2px ;\" ><div class=\"uncont\" ><div class=\"icon-box icon-box-top\" ><div class=\"icon-box-icon fa-container\" style=\"margin-bottom: 0px;\" ><span class=\"text-default-color btn-disable-hover\"><i class=\"fa fa-sun fa-2x fa-fw\"><\/i><\/span><\/div><\/div><div class=\"uncode_text_column\" ><p><strong>Mejor D\u00eda de la Semana<\/strong><\/p>\n<ul>\n<li>Viernes a domingo: horarios amplios en las vin\u00edcolas, m\u00e1s actividades, m\u00e1s ambiente. Tambi\u00e9n m\u00e1s gente (sobre todo s\u00e1bado).<\/li>\n<li>Martes a jueves: pocos visitantes, atenci\u00f3n m\u00e1s personal. Algunas vin\u00edcolas peque\u00f1as solo abren con reserva. Ideal para quienes buscan tranquilidad.<\/li>\n<li>Lunes: varios restaurantes y negocios cierran en San Miguel. Algunas vin\u00edcolas tambi\u00e9n. Checa antes.<\/li>\n<\/ul>\n<p>\n<\/div><\/div><\/div><\/div><\/div><\/div><script id=\"script-row-unique-11\" data-row=\"script-row-unique-11\" type=\"text\/javascript\" class=\"vc_controls\">UNCODE.initRow(document.getElementById(\"row-unique-11\"));<\/script><\/div><\/div><\/div><div data-parent=\"true\" class=\"vc_row has-bg need-focus style-color-166098-bg row-container boomapps_vcrow\" id=\"row-unique-12\"><div class=\"row unequal col-no-gutter no-top-padding no-bottom-padding no-h-padding full-width row-parent\" data-height-ratio=\"full\"><div class=\"wpb_row row-inner\"><div class=\"wpb_column pos-middle pos-center align_right align_center_tablet align_center_mobile column_parent col-lg-6 boomapps_vccolumn half-internal-gutter\"><div class=\"uncol style-spec style-dark\"  ><div class=\"uncoltable\"><div class=\"uncell  boomapps_vccolumn double-block-padding\" ><div class=\"column-background background-element\">\n\t\t\t\t\t\t\t\t\t\t\t<div class=\"background-wrapper\">\n\t\t\t\t\t\t\t\t\t\t\t\t<div class=\"background-inner\" style=\"background-image: url(https:\/\/rutadelvino.proximamente.mx\/wp-content\/uploads\/2026\/03\/plan-modHoteles-imgRservaBN.jpg);background-repeat: no-repeat;background-position: center center;background-size: cover;\" data-o_src=\"https:\/\/rutadelvino.proximamente.mx\/wp-content\/uploads\/2026\/03\/plan-modHoteles-imgRservaBN.jpg\"><\/div>\n\t\t\t\t\t\t\t\t\t\t\t\t<div class=\"block-bg-overlay block-bg-blend-mode for-ie style-color-166098-bg\" style=\"opacity: 0.85;\"><\/div><div class=\"block-bg-overlay block-bg-blend-mode not-ie style-color-166098-bg\" style=\"mix-blend-mode:multiply;\"><\/div>\n\t\t\t\t\t\t\t\t\t\t\t<\/div>\n\t\t\t\t\t\t\t\t\t\t<\/div><div class=\"uncont\" ><div class=\"vc_custom_heading_wrap\"><div class=\"heading-text el-text\" ><p class=\"font-weight-600 text-uppercase\" ><span>Plan your visit<\/span><\/p><\/div><div class=\"clear\"><\/div><\/div><div class=\"vc_row row-internal row-container boomapps_vcrow\"><div class=\"row row-next-to-blend col-no-gutter row-child\"><div class=\"wpb_row row-inner\"><div class=\"wpb_column pos-top pos-center align_left column_child col-lg-12 boomapps_vccolumn no-internal-gutter\"><div class=\"uncol style-spec style-dark\" ><div class=\"uncoltable\"><div class=\"uncell  vc_custom_1773089404272 boomapps_vccolumn vc_custom_preserve_tablet vc_custom_preserve_mobile border-color-133520-color single-block-padding\" style=\"border-style: solid;border-top-width: 2px ;border-right-width: 2px ;border-bottom-width: 2px ;border-left-width: 2px ;\" ><div class=\"uncont\" ><div class=\"vc_custom_heading_wrap\"><div class=\"heading-text el-text\" ><h5 class=\"\" ><span>Reservaciones<\/span><\/h5><div><p>La mayor\u00eda de las vin\u00edcolas requieren reservaci\u00f3n previa. Sobre todo las peque\u00f1as. Reserva con 1-2 semanas en temporada alta. En temporada baja 2-3 d\u00edas est\u00e1 bien.<\/p>\n<p>Algunas vin\u00edcolas grandes aceptan walk-ins pero no garantizan nada. Tours especiales (catas verticales, maridajes, visitas nocturnas) siempre necesitan reserva.<\/p>\n<p>C\u00f3mo reservar: tel\u00e9fono, WhatsApp, sitio web de la vin\u00edcola, operadores tur\u00edsticos, o tu hotel te puede ayudar.<\/p>\n<\/div><\/div><div class=\"clear\"><\/div><\/div><\/div><\/div><\/div><\/div><\/div><\/div><\/div><\/div><\/div><\/div><\/div><\/div><\/div><div class=\"wpb_column pos-middle pos-center align_left column_parent col-lg-6 boomapps_vccolumn no-internal-gutter\"><div class=\"uncol style-spec style-dark\"  ><div class=\"uncoltable\"><div class=\"uncell  boomapps_vccolumn double-block-padding\" ><div class=\"uncont\" ><div class=\"vc_row row-internal row-container boomapps_vcrow\"><div class=\"row row-next-to-blend col-no-gutter row-child\"><div class=\"wpb_row row-inner\"><div class=\"wpb_column pos-top pos-center align_left column_child col-lg-12 boomapps_vccolumn half-internal-gutter\"><div class=\"uncol style-spec style-dark\" ><div class=\"uncoltable\"><div class=\"uncell  vc_custom_1773090035011 boomapps_vccolumn vc_custom_preserve_tablet vc_custom_preserve_mobile border-color-133520-color single-block-padding\" style=\"border-style: solid;border-top-width: 2px ;border-right-width: 2px ;border-bottom-width: 2px ;border-left-width: 2px ;\" ><div class=\"uncont\" ><div class=\"vc_custom_heading_wrap\"><div class=\"heading-text el-text\" ><h5 class=\"\" ><span>\u00bfQu\u00e9 Empacar?<\/span><\/h5><\/div><div class=\"clear\"><\/div><\/div><div class=\"uncode_text_column\" ><\/p>\n<ul>\n<li><strong>Ropa:<\/strong> zapatos c\u00f3modos y cerrados (vas a caminar por vi\u00f1edos, puede haber tierra). Nada de tacones. Ropa casual pero presentable. Su\u00e9ter o chamarra (las noches son frescas). Sombrero, lentes de sol.<\/li>\n<li><strong>Protecci\u00f3n:<\/strong> bloqueador solar (la altitud intensifica los rayos UV). Protector labial. Repelente de insectos en temporada de lluvias.<\/li>\n<li><strong>Otros:<\/strong> botella de agua, c\u00e1mara, efectivo (algunas vin\u00edcolas no aceptan tarjeta), identificaci\u00f3n, libreta para notas de cata si eres de los que apuntan todo.<\/li>\n<li><strong>Seg\u00fan temporada:<\/strong> Si vienes en temporada de lluvias (junio-septiembre): paraguas o impermeable. Si vienes en invierno (diciembre-febrero): chamarra m\u00e1s gruesa, bufanda.<\/li>\n<\/ul>\n<p>\n<\/div><\/div><\/div><\/div><\/div><\/div><\/div><\/div><\/div><\/div><\/div><\/div><\/div><\/div><script id=\"script-row-unique-12\" data-row=\"script-row-unique-12\" type=\"text\/javascript\" class=\"vc_controls\">UNCODE.initRow(document.getElementById(\"row-unique-12\"));<\/script><\/div><\/div><\/div><div data-parent=\"true\" class=\"vc_row has-bg need-focus style-color-421318-bg row-next-to-blend row-container boomapps_vcrow\" id=\"row-unique-13\"><div class=\"row col-half-gutter single-top-padding single-bottom-padding single-h-padding limit-width row-parent\" data-height-ratio=\"full\"><div class=\"wpb_row row-inner\"><div class=\"wpb_column pos-middle pos-center align_left align_center_tablet align_center_mobile column_parent col-lg-6 boomapps_vccolumn half-internal-gutter\"><div class=\"uncol style-spec style-dark\"  ><div class=\"uncoltable\"><div class=\"uncell  boomapps_vccolumn no-block-padding\" ><div class=\"uncont\" ><div class=\"vc_custom_heading_wrap\"><div class=\"heading-text el-text\" ><p class=\"font-weight-600 text-uppercase\" ><span>Plan your visit<\/span><\/p><\/div><div class=\"clear\"><\/div><\/div><div class=\"vc_row row-internal row-container boomapps_vcrow\"><div class=\"row col-half-gutter row-child\"><div class=\"wpb_row row-inner\"><div class=\"wpb_column pos-middle pos-center align_left column_child col-lg-12 boomapps_vccolumn no-internal-gutter\"><div class=\"uncol style-spec style-dark\" ><div class=\"uncoltable\"><div class=\"uncell  boomapps_vccolumn single-block-padding style-color-133520-bg  unradius-lg\" ><div class=\"uncont\" ><div class=\"icon-box icon-box-top\" ><div class=\"icon-box-icon fa-container\" ><span class=\"text-default-color btn-disable-hover\"><i class=\"fa fa-road fa-2x fa-fw\"><\/i><\/span><\/div><div class=\"icon-box-content\"><div class=\"icon-box-heading icon-box-fa-2x\"><h5 class=\"\">Seguridad en Carretera<\/h5><\/div><p>Las carreteras principales est\u00e1n bien. Los caminos rurales pueden ser angostos y la se\u00f1alizaci\u00f3n no siempre es clara. Usa GPS actualizado, trae tu celular cargado, evita manejar de noche en caminos que no conoces.<br \/>\n<\/p>\n<p>Y esto no es negociable: NUNCA manejes despu\u00e9s de tomar. Es tu responsabilidad (y la de tu grupo) regresar enteros.<\/p>\n<\/div><\/div><\/div><\/div><\/div><\/div><\/div><\/div><\/div><\/div><div class=\"vc_row row-internal row-container boomapps_vcrow\"><div class=\"row col-half-gutter row-child\"><div class=\"wpb_row row-inner\"><div class=\"wpb_column pos-middle pos-center align_left column_child col-lg-12 boomapps_vccolumn no-internal-gutter\"><div class=\"uncol style-spec style-dark\" ><div class=\"uncoltable\"><div class=\"uncell  boomapps_vccolumn single-block-padding style-color-166098-bg  unradius-lg\" ><div class=\"uncont\" ><div class=\"icon-box icon-box-top\" ><div class=\"icon-box-icon fa-container\" ><span class=\"text-default-color btn-disable-hover\"><i class=\"fa fa-wheelchair fa-2x fa-fw\"><\/i><\/span><\/div><div class=\"icon-box-content\"><div class=\"icon-box-heading icon-box-fa-2x\"><h5 class=\"\">Accesibilidad<\/h5><\/div><p>Muchas vin\u00edcolas son instalaciones viejas o rurales. Terrenos irregulares, bodegas subterr\u00e1neas, sin rampas o elevadores. San Miguel tiene calles empedradas y banquetas angostas.<br \/>\n<\/p>\n<p>Si necesitas accesibilidad, llama directo a las vin\u00edcolas. Algunas m\u00e1s nuevas tienen mejor infraestructura. Los tours se pueden adaptar si avisas con tiempo.<\/p>\n<\/div><\/div><\/div><\/div><\/div><\/div><\/div><\/div><\/div><\/div><\/div><\/div><\/div><\/div><\/div><div class=\"wpb_column pos-middle pos-center align_left column_parent col-lg-6 boomapps_vccolumn half-internal-gutter\"><div class=\"uncol style-spec style-dark\"  ><div class=\"uncoltable\"><div class=\"uncell  boomapps_vccolumn single-block-padding style-color-jevc-bg has-bg  unradius-lg\" ><div class=\"uncont\" ><div class=\"icon-box icon-box-top\" ><div class=\"icon-box-icon fa-container\" ><span class=\"text-default-color btn-disable-hover\"><i class=\"fa fa-tags fa-2x fa-fw\"><\/i><\/span><\/div><div class=\"icon-box-content\"><div class=\"icon-box-heading icon-box-fa-2x\"><h5 class=\"\">Etiqueta en las Vin\u00edcolas<\/h5><\/div><\/div><\/div><div class=\"uncode_text_column\" ><p>Llega puntual.<\/p>\n<hr \/>\n<p>No uses perfume fuerte (arruina la cata).<\/p>\n<hr \/>\n<p>Haz caso al sommelier.<\/p>\n<hr \/>\n<p>Pregunta antes de tomar fotos en producci\u00f3n.<\/p>\n<hr \/>\n<p>No toques las barricas ni el equipo.<\/p>\n<hr \/>\n<p>No est\u00e1s obligado a comprar despu\u00e9s de la cata. Pero est\u00e1 bien visto comprar al menos una botella si te gust\u00f3 (muchas vin\u00edcolas boutique viven de venta directa).<\/p>\n<hr \/>\n<p>Propinas: 10-15% para el gu\u00eda si estuvo bien.<\/p>\n<\/div><\/div><\/div><\/div><\/div><\/div><script id=\"script-row-unique-13\" data-row=\"script-row-unique-13\" type=\"text\/javascript\" class=\"vc_controls\">UNCODE.initRow(document.getElementById(\"row-unique-13\"));<\/script><\/div><\/div><\/div><div data-parent=\"true\" class=\"vc_row row-container with-kburns with-parallax has-dividers boomapps_vcrow\" id=\"row-unique-14\"><div class=\"row-background background-element\">\n\t\t\t\t\t\t\t\t\t\t\t<div class=\"background-wrapper\">\n\t\t\t\t\t\t\t\t\t\t\t\t<div class=\"background-inner\" style=\"background-image: url(https:\/\/rutadelvino.proximamente.mx\/wp-content\/uploads\/2026\/03\/plan-modIdiomas-imgBg.jpg);background-repeat: no-repeat;background-position: center center;background-size: cover;\"><\/div>\n\t\t\t\t\t\t\t\t\t\t\t\t\n\t\t\t\t\t\t\t\t\t\t\t<\/div>\n\t\t\t\t\t\t\t\t\t\t<\/div><div class=\"uncode-divider-wrap uncode-divider-wrap-bottom z_index_0\" style=\"height: 640px;\" data-height=\"640\" data-unit=\"px\"><svg version=\"1.1\" class=\"uncode-row-divider uncode-row-divider-gradient\" x=\"0px\" y=\"0px\" width=\"240px\" height=\"24px\" viewbox=\"0 0 240 24\" enable-background=\"new 0 0 240 24\" xml:space=\"preserve\" preserveaspectratio=\"none\">\n\t\t<lineargradient id=\"svg-gradient-983727\" gradientunits=\"userSpaceOnUse\" x1=\"119.9995\" y1=\"0\" x2=\"119.9995\" y2=\"24.0005\">\n\t\t\t<stop  offset=\"0\" style=\"stop-color:#000000;stop-opacity:0\"\/>\n\t\t\t<stop  offset=\"1\" style=\"stop-color:#000000\"\/>\n\t\t<\/lineargradient>\n\t\t<path fill=\"url(#svg-gradient-983727)\" d=\"M240,24V0H0v24H240z\"\/>\n\t\t<\/svg><\/div><div class=\"row unequal col-no-gutter no-top-padding no-bottom-padding single-h-padding limit-width row-parent\" data-height-ratio=\"full\"><div class=\"wpb_row row-inner\"><div class=\"wpb_column pos-bottom pos-center align_left align_left_tablet align_left_mobile column_parent col-lg-5 boomapps_vccolumn half-internal-gutter\"><div class=\"uncol style-spec style-dark\"  ><div class=\"uncoltable\"><div class=\"uncell  vc_custom_1773098941264 boomapps_vccolumn vc_custom_preserve_tablet vc_custom_preserve_mobile border-color-189923-color single-block-padding\" style=\"border-style: dotted;border-left-width: 2px ;\" ><div class=\"uncont\" ><div class=\"vc_custom_heading_wrap\"><div class=\"heading-text el-text\" ><p class=\"font-weight-600 text-uppercase\" ><span>Planifica la Visita<\/span><\/p><hr class=\"separator-break\" \/><\/div><div class=\"clear\"><\/div><\/div><div class=\"vc_custom_heading_wrap\"><div class=\"heading-text el-text\" ><h5 class=\"\" ><span>Idioma<\/span><\/h5><div><p>Espa\u00f1ol en todos lados. En San Miguel hay mucho ingl\u00e9s por los extranjeros. Muchas vin\u00edcolas tienen personal biling\u00fce. Los tours se pueden dar en ingl\u00e9s (confirma cuando reserves). En Dolores hay menos ingl\u00e9s. Algunos servicios tienen franc\u00e9s, italiano, alem\u00e1n (pregunta).<\/p>\n<\/div><\/div><div class=\"clear\"><\/div><\/div><\/div><\/div><\/div><\/div><\/div><div class=\"wpb_column pos-bottom pos-center align_left column_parent col-lg-7 boomapps_vccolumn no-internal-gutter\"><div class=\"uncol style-spec style-dark\"  ><div class=\"uncoltable\"><div class=\"uncell  vc_custom_1772645602931 boomapps_vccolumn vc_custom_preserve_tablet vc_custom_preserve_mobile border-color-189923-color single-block-padding\" style=\"border-style: dotted;border-left-width: 2px ;\" ><div class=\"uncont\" ><div class=\"vc_custom_heading_wrap\"><div class=\"heading-text el-text\" ><h5 class=\"\" ><span>Situaciones Especiales<\/span><\/h5><div><p>Ni\u00f1os: no todas las vin\u00edcolas los aceptan. Las que s\u00ed pueden pedir edad m\u00ednima (12 a\u00f1os o m\u00e1s). Pregunta al reservar.<\/p>\n<p>Grupos grandes: avisa con m\u00e1s tiempo. Algunas vin\u00edcolas tienen l\u00edmite. Puedes contratar tour privado (cuesta m\u00e1s).<\/p>\n<p>Eventos (bodas, cenas privadas, corporativos): contacta directo con la vin\u00edcola, planea con meses.<\/p>\n<\/div><\/div><div class=\"clear\"><\/div><\/div><\/div><\/div><\/div><\/div><\/div><script id=\"script-row-unique-14\" data-row=\"script-row-unique-14\" type=\"text\/javascript\" class=\"vc_controls\">UNCODE.initRow(document.getElementById(\"row-unique-14\"));<\/script><\/div><\/div><\/div><div data-parent=\"true\" class=\"vc_row has-bg need-focus style-color-189923-bg row-container boomapps_vcrow\" id=\"row-unique-15\"><div class=\"row-background background-element\">\n\t\t\t\t\t\t\t\t\t\t\t<div class=\"background-wrapper\">\n\t\t\t\t\t\t\t\t\t\t\t\t<div class=\"background-inner\" style=\"background-image: url(https:\/\/rutadelvino.proximamente.mx\/wp-content\/uploads\/2026\/03\/plan-modSalida-imgBg.png);background-repeat: no-repeat;background-position: center center;background-attachment: scroll;background-size: contain;\"><\/div>\n\t\t\t\t\t\t\t\t\t\t\t\t\n\t\t\t\t\t\t\t\t\t\t\t<\/div>\n\t\t\t\t\t\t\t\t\t\t<\/div><div class=\"row col-no-gutter single-top-padding single-bottom-padding single-h-padding limit-width row-parent\" data-height-ratio=\"full\"><div class=\"wpb_row row-inner\"><div class=\"wpb_column pos-middle pos-right align_left align_left_tablet align_left_mobile column_parent col-lg-12 boomapps_vccolumn single-internal-gutter\"><div class=\"uncol style-spec style-dark\"  ><div class=\"uncoltable\"><div class=\"uncell  boomapps_vccolumn\" ><div class=\"uncont double-block-padding col-custom-width style-color-421318-bg has-bg  unradius-lg\" style=\" max-width:50%;\" ><div class=\"vc_custom_heading_wrap\"><div class=\"heading-text el-text\" ><p class=\"font-weight-600 text-uppercase\" ><span>Plan your visit<\/span><\/p><hr class=\"separator-break\" \/><\/div><div class=\"clear\"><\/div><\/div><div class=\"uncode_text_column\" ><p>Eso es. Con esta informaci\u00f3n puedes armar tu viaje a la Ruta del Vino sin improvisaciones de \u00faltimo momento.<\/p>\n<p>Lo importante: reserva con tiempo, designa conductor, empaca bien. La regi\u00f3n est\u00e1 creciendo como destino vin\u00edcola. Vale la pena conocerla.<\/p>\n<p>Salud.<\/p>\n<\/div><\/div><\/div><\/div><\/div><\/div><script id=\"script-row-unique-15\" data-row=\"script-row-unique-15\" type=\"text\/javascript\" class=\"vc_controls\">UNCODE.initRow(document.getElementById(\"row-unique-15\"));<\/script><\/div><\/div><\/div>\n<\/div>","protected":false},"excerpt":{"rendered":"Planifica Tu VisitaAntes de subirte al auto y lanzarte a explorar vi\u00f1edos, hay cosas que necesitas saber. Esta gu\u00eda cubre [...]","protected":false},"author":1,"featured_media":166678,"parent":0,"menu_order":0,"comment_status":"closed","ping_status":"closed","template":"","meta":{"footnotes":""},"class_list":["post-166685","page","type-page","status-publish","has-post-thumbnail","hentry","page_category-pcat-contenido"],"yoast_head":"<!-- This site is optimized with the Yoast SEO plugin v27.4 - https:\/\/yoast.com\/product\/yoast-seo-wordpress\/ -->\n<title>Planifica tu Visita a la Ruta del Vino Guanajuato - Ruta del Vino<\/title>\n<meta name=\"robots\" content=\"index, follow, max-snippet:-1, max-image-preview:large, max-video-preview:-1\" \/>\n<link rel=\"canonical\" href=\"https:\/\/rutadelvino.proximamente.mx\/en\/planifica-tu-visita\/\" \/>\n<meta property=\"og:locale\" content=\"en_US\" \/>\n<meta property=\"og:type\" content=\"article\" \/>\n<meta property=\"og:title\" content=\"Planifica tu Visita a la Ruta del Vino Guanajuato - Ruta del Vino\" \/>\n<meta property=\"og:url\" content=\"https:\/\/rutadelvino.proximamente.mx\/en\/planifica-tu-visita\/\" \/>\n<meta property=\"og:site_name\" content=\"Ruta del Vino\" \/>\n<meta property=\"article:publisher\" content=\"https:\/\/www.facebook.com\/rutadelvinoguanajuato\" \/>\n<meta property=\"article:modified_time\" content=\"2026-03-10T00:09:17+00:00\" \/>\n<meta property=\"og:image\" content=\"https:\/\/rutadelvino.proximamente.mx\/wp-content\/uploads\/2026\/02\/gen-01-vinedos-cabecera.jpg\" \/>\n\t<meta property=\"og:image:width\" content=\"1360\" \/>\n\t<meta property=\"og:image:height\" content=\"768\" \/>\n\t<meta property=\"og:image:type\" content=\"image\/jpeg\" \/>\n<meta name=\"twitter:card\" content=\"summary_large_image\" \/>\n<meta name=\"twitter:label1\" content=\"Est. reading time\" \/>\n\t<meta name=\"twitter:data1\" content=\"14 minutes\" \/>\n<script type=\"application\/ld+json\" class=\"yoast-schema-graph\">{\"@context\":\"https:\\\/\\\/schema.org\",\"@graph\":[{\"@type\":\"WebPage\",\"@id\":\"https:\\\/\\\/rutadelvino.proximamente.mx\\\/planifica-tu-visita\\\/\",\"url\":\"https:\\\/\\\/rutadelvino.proximamente.mx\\\/planifica-tu-visita\\\/\",\"name\":\"Planifica tu Visita a la Ruta del Vino Guanajuato - Ruta del Vino\",\"isPartOf\":{\"@id\":\"https:\\\/\\\/rutadelvino.proximamente.mx\\\/#website\"},\"primaryImageOfPage\":{\"@id\":\"https:\\\/\\\/rutadelvino.proximamente.mx\\\/planifica-tu-visita\\\/#primaryimage\"},\"image\":{\"@id\":\"https:\\\/\\\/rutadelvino.proximamente.mx\\\/planifica-tu-visita\\\/#primaryimage\"},\"thumbnailUrl\":\"https:\\\/\\\/rutadelvino.proximamente.mx\\\/wp-content\\\/uploads\\\/2026\\\/02\\\/gen-01-vinedos-cabecera.jpg\",\"datePublished\":\"2026-02-27T13:19:17+00:00\",\"dateModified\":\"2026-03-10T00:09:17+00:00\",\"breadcrumb\":{\"@id\":\"https:\\\/\\\/rutadelvino.proximamente.mx\\\/planifica-tu-visita\\\/#breadcrumb\"},\"inLanguage\":\"en-US\",\"potentialAction\":[{\"@type\":\"ReadAction\",\"target\":[\"https:\\\/\\\/rutadelvino.proximamente.mx\\\/planifica-tu-visita\\\/\"]}]},{\"@type\":\"ImageObject\",\"inLanguage\":\"en-US\",\"@id\":\"https:\\\/\\\/rutadelvino.proximamente.mx\\\/planifica-tu-visita\\\/#primaryimage\",\"url\":\"https:\\\/\\\/rutadelvino.proximamente.mx\\\/wp-content\\\/uploads\\\/2026\\\/02\\\/gen-01-vinedos-cabecera.jpg\",\"contentUrl\":\"https:\\\/\\\/rutadelvino.proximamente.mx\\\/wp-content\\\/uploads\\\/2026\\\/02\\\/gen-01-vinedos-cabecera.jpg\",\"width\":1360,\"height\":768},{\"@type\":\"BreadcrumbList\",\"@id\":\"https:\\\/\\\/rutadelvino.proximamente.mx\\\/planifica-tu-visita\\\/#breadcrumb\",\"itemListElement\":[{\"@type\":\"ListItem\",\"position\":1,\"name\":\"Home\",\"item\":\"https:\\\/\\\/rutadelvino.proximamente.mx\\\/\"},{\"@type\":\"ListItem\",\"position\":2,\"name\":\"Planifica tu Visita a la Ruta del Vino Guanajuato\"}]},{\"@type\":\"WebSite\",\"@id\":\"https:\\\/\\\/rutadelvino.proximamente.mx\\\/#website\",\"url\":\"https:\\\/\\\/rutadelvino.proximamente.mx\\\/\",\"name\":\"Ruta del Vino\",\"description\":\"Valle de la Independencia\",\"publisher\":{\"@id\":\"https:\\\/\\\/rutadelvino.proximamente.mx\\\/#organization\"},\"potentialAction\":[{\"@type\":\"SearchAction\",\"target\":{\"@type\":\"EntryPoint\",\"urlTemplate\":\"https:\\\/\\\/rutadelvino.proximamente.mx\\\/?s={search_term_string}\"},\"query-input\":{\"@type\":\"PropertyValueSpecification\",\"valueRequired\":true,\"valueName\":\"search_term_string\"}}],\"inLanguage\":\"en-US\"},{\"@type\":\"Organization\",\"@id\":\"https:\\\/\\\/rutadelvino.proximamente.mx\\\/#organization\",\"name\":\"Ruta del Vino\",\"url\":\"https:\\\/\\\/rutadelvino.proximamente.mx\\\/\",\"logo\":{\"@type\":\"ImageObject\",\"inLanguage\":\"en-US\",\"@id\":\"https:\\\/\\\/rutadelvino.proximamente.mx\\\/#\\\/schema\\\/logo\\\/image\\\/\",\"url\":\"https:\\\/\\\/rutadelvino.proximamente.mx\\\/wp-content\\\/uploads\\\/2026\\\/02\\\/logo-a.png\",\"contentUrl\":\"https:\\\/\\\/rutadelvino.proximamente.mx\\\/wp-content\\\/uploads\\\/2026\\\/02\\\/logo-a.png\",\"width\":512,\"height\":421,\"caption\":\"Ruta del Vino\"},\"image\":{\"@id\":\"https:\\\/\\\/rutadelvino.proximamente.mx\\\/#\\\/schema\\\/logo\\\/image\\\/\"},\"sameAs\":[\"https:\\\/\\\/www.facebook.com\\\/rutadelvinoguanajuato\",\"https:\\\/\\\/www.instagram.com\\\/rutadelvinoguanajuato\",\"https:\\\/\\\/www.tiktok.com\\\/@rutadelvinoguanajuato\"]}]}<\/script>\n<!-- \/ Yoast SEO plugin. -->","yoast_head_json":{"title":"Planifica tu Visita a la Ruta del Vino Guanajuato - Ruta del Vino","robots":{"index":"index","follow":"follow","max-snippet":"max-snippet:-1","max-image-preview":"max-image-preview:large","max-video-preview":"max-video-preview:-1"},"canonical":"https:\/\/rutadelvino.proximamente.mx\/en\/planifica-tu-visita\/","og_locale":"en_US","og_type":"article","og_title":"Planifica tu Visita a la Ruta del Vino Guanajuato - Ruta del Vino","og_url":"https:\/\/rutadelvino.proximamente.mx\/en\/planifica-tu-visita\/","og_site_name":"Ruta del Vino","article_publisher":"https:\/\/www.facebook.com\/rutadelvinoguanajuato","article_modified_time":"2026-03-10T00:09:17+00:00","og_image":[{"width":1360,"height":768,"url":"https:\/\/rutadelvino.proximamente.mx\/wp-content\/uploads\/2026\/02\/gen-01-vinedos-cabecera.jpg","type":"image\/jpeg"}],"twitter_card":"summary_large_image","twitter_misc":{"Est. reading time":"14 minutes"},"schema":{"@context":"https:\/\/schema.org","@graph":[{"@type":"WebPage","@id":"https:\/\/rutadelvino.proximamente.mx\/planifica-tu-visita\/","url":"https:\/\/rutadelvino.proximamente.mx\/planifica-tu-visita\/","name":"Planifica tu Visita a la Ruta del Vino Guanajuato - Ruta del Vino","isPartOf":{"@id":"https:\/\/rutadelvino.proximamente.mx\/#website"},"primaryImageOfPage":{"@id":"https:\/\/rutadelvino.proximamente.mx\/planifica-tu-visita\/#primaryimage"},"image":{"@id":"https:\/\/rutadelvino.proximamente.mx\/planifica-tu-visita\/#primaryimage"},"thumbnailUrl":"https:\/\/rutadelvino.proximamente.mx\/wp-content\/uploads\/2026\/02\/gen-01-vinedos-cabecera.jpg","datePublished":"2026-02-27T13:19:17+00:00","dateModified":"2026-03-10T00:09:17+00:00","breadcrumb":{"@id":"https:\/\/rutadelvino.proximamente.mx\/planifica-tu-visita\/#breadcrumb"},"inLanguage":"en-US","potentialAction":[{"@type":"ReadAction","target":["https:\/\/rutadelvino.proximamente.mx\/planifica-tu-visita\/"]}]},{"@type":"ImageObject","inLanguage":"en-US","@id":"https:\/\/rutadelvino.proximamente.mx\/planifica-tu-visita\/#primaryimage","url":"https:\/\/rutadelvino.proximamente.mx\/wp-content\/uploads\/2026\/02\/gen-01-vinedos-cabecera.jpg","contentUrl":"https:\/\/rutadelvino.proximamente.mx\/wp-content\/uploads\/2026\/02\/gen-01-vinedos-cabecera.jpg","width":1360,"height":768},{"@type":"BreadcrumbList","@id":"https:\/\/rutadelvino.proximamente.mx\/planifica-tu-visita\/#breadcrumb","itemListElement":[{"@type":"ListItem","position":1,"name":"Home","item":"https:\/\/rutadelvino.proximamente.mx\/"},{"@type":"ListItem","position":2,"name":"Planifica tu Visita a la Ruta del Vino Guanajuato"}]},{"@type":"WebSite","@id":"https:\/\/rutadelvino.proximamente.mx\/#website","url":"https:\/\/rutadelvino.proximamente.mx\/","name":"Wine Route","description":"Valle de la Independencia","publisher":{"@id":"https:\/\/rutadelvino.proximamente.mx\/#organization"},"potentialAction":[{"@type":"SearchAction","target":{"@type":"EntryPoint","urlTemplate":"https:\/\/rutadelvino.proximamente.mx\/?s={search_term_string}"},"query-input":{"@type":"PropertyValueSpecification","valueRequired":true,"valueName":"search_term_string"}}],"inLanguage":"en-US"},{"@type":"Organization","@id":"https:\/\/rutadelvino.proximamente.mx\/#organization","name":"Wine Route","url":"https:\/\/rutadelvino.proximamente.mx\/","logo":{"@type":"ImageObject","inLanguage":"en-US","@id":"https:\/\/rutadelvino.proximamente.mx\/#\/schema\/logo\/image\/","url":"https:\/\/rutadelvino.proximamente.mx\/wp-content\/uploads\/2026\/02\/logo-a.png","contentUrl":"https:\/\/rutadelvino.proximamente.mx\/wp-content\/uploads\/2026\/02\/logo-a.png","width":512,"height":421,"caption":"Ruta del Vino"},"image":{"@id":"https:\/\/rutadelvino.proximamente.mx\/#\/schema\/logo\/image\/"},"sameAs":["https:\/\/www.facebook.com\/rutadelvinoguanajuato","https:\/\/www.instagram.com\/rutadelvinoguanajuato","https:\/\/www.tiktok.com\/@rutadelvinoguanajuato"]}]}},"_links":{"self":[{"href":"https:\/\/rutadelvino.proximamente.mx\/en\/wp-json\/wp\/v2\/pages\/166685","targetHints":{"allow":["GET"]}}],"collection":[{"href":"https:\/\/rutadelvino.proximamente.mx\/en\/wp-json\/wp\/v2\/pages"}],"about":[{"href":"https:\/\/rutadelvino.proximamente.mx\/en\/wp-json\/wp\/v2\/types\/page"}],"author":[{"embeddable":true,"href":"https:\/\/rutadelvino.proximamente.mx\/en\/wp-json\/wp\/v2\/users\/1"}],"replies":[{"embeddable":true,"href":"https:\/\/rutadelvino.proximamente.mx\/en\/wp-json\/wp\/v2\/comments?post=166685"}],"version-history":[{"count":0,"href":"https:\/\/rutadelvino.proximamente.mx\/en\/wp-json\/wp\/v2\/pages\/166685\/revisions"}],"wp:featuredmedia":[{"embeddable":true,"href":"https:\/\/rutadelvino.proximamente.mx\/en\/wp-json\/wp\/v2\/media\/166678"}],"wp:attachment":[{"href":"https:\/\/rutadelvino.proximamente.mx\/en\/wp-json\/wp\/v2\/media?parent=166685"}],"curies":[{"name":"wp","href":"https:\/\/api.w.org\/{rel}","templated":true}]}}